{"id":31,"date":"2015-10-07T06:00:08","date_gmt":"2015-10-07T06:00:08","guid":{"rendered":"http:\/\/hamburger-note.de\/?page_id=31"},"modified":"2015-10-07T06:00:08","modified_gmt":"2015-10-07T06:00:08","slug":"presse","status":"publish","type":"page","link":"https:\/\/hamburger-note.de\/?page_id=31","title":{"rendered":"Presse"},"content":{"rendered":"<p><span style=\"color: #000000;\"><span style=\"font-family: Tahoma, Geneva, sans-serif;\"><span style=\"font-size: x-large;\">Pr\u00e4sentation der Hamburger Note zur Digitalisierung des kulturellen Erbes\u00a0<\/span><\/span><\/span><\/p>\n<p><span style=\"color: #000000;\"><span style=\"font-family: Tahoma, Geneva, sans-serif;\"><span style=\"font-size: x-large;\"><span style=\"font-family: Arial, sans-serif;\">am Dienstag, dem 13. Oktober 2015 im 11 Uhr<br \/>\nin der Hamburger Vertretung beim Bund<br \/>\nJ\u00e4gerstra\u00dfe 1-3, 10117 Berlin<\/span>\u00a0<\/span><\/span><\/span><\/p>\n<p><span style=\"color: #000000;\">\u00a0\u00a0<\/span><\/p>\n<p><span style=\"color: #000000;\"><span style=\"font-family: Arial, sans-serif;\"><span style=\"font-size: x-large;\">Mit:<\/span><\/span><\/span><\/p>\n<p><span style=\"color: #000000;\"><span style=\"font-family: Arial, sans-serif;\"><span style=\"font-size: x-large;\">Prof. Dr. Katharina de la Durantaye,\u00a0LL.M. (Yale) (Humboldt-Universit\u00e4t zu Berlin)<\/span><\/span><\/span><\/p>\n<p><span style=\"color: #000000;\"><span style=\"font-family: Arial, sans-serif;\"><span style=\"font-size: x-large;\">Dr. phil. Michael Hollmann (Pr\u00e4sident des Bundesarchivs)<\/span><\/span><\/span><\/p>\n<p><span style=\"color: #000000;\"><span style=\"font-family: Arial, sans-serif;\"><span style=\"font-size: x-large;\">Dr. Paul Klimpel (Partner bei iRights.Law und Leiter des iRights.lab Kultur)<\/span><\/span><\/span><\/p>\n<p><span style=\"color: #000000;\"><span style=\"font-family: Arial, sans-serif;\"><span style=\"font-size: x-large;\">Dr. Elisabeth Niggemann (Generaldirektorin der Deutschen Nationalbibliothek Leipzig und Frankfurt am Main)<\/span><\/span><\/span><\/p>\n<p><span style=\"color: #000000;\"><span style=\"font-family: Arial, sans-serif;\"><span style=\"font-size: x-large;\">B\u00f6rries von Notz (Alleinvorstand der Stiftung Historische Museen Hamburg)<\/span><\/span><\/span><span style=\"color: #000000;\">\u00a0\u00a0\u00a0<\/span><\/p>\n<p><span style=\"color: #000000;\"><span style=\"font-family: Arial, sans-serif;\"><span style=\"font-size: x-large;\">Prof. Dr. G\u00fcnther Schauerte (Vizepr\u00e4sident der Stiftung Preu\u00dfischer Kulturbesitz)<\/span><\/span><\/span><\/p>\n","protected":false},"excerpt":{"rendered":"<p>Pr\u00e4sentation der Hamburger Note zur Digitalisierung des kulturellen Erbes\u00a0 am Dienstag, dem 13. Oktober 2015 im 11 Uhr in der Hamburger Vertretung beim Bund J\u00e4gerstra\u00dfe 1-3, 10117 Berlin\u00a0 \u00a0\u00a0 Mit: Prof. Dr. Katharina de la Durantaye,\u00a0LL.M. (Yale) (Humboldt-Universit\u00e4t zu Berlin) &hellip; <a href=\"https:\/\/hamburger-note.de\/?page_id=31\">Weiterlesen <span class=\"meta-nav\">&rarr;<\/span><\/a><\/p>\n","protected":false},"author":1,"featured_media":0,"parent":0,"menu_order":0,"comment_status":"closed","ping_status":"closed","template":"","meta":[],"_links":{"self":[{"href":"https:\/\/hamburger-note.de\/index.php?rest_route=\/wp\/v2\/pages\/31"}],"collection":[{"href":"https:\/\/hamburger-note.de\/index.php?rest_route=\/wp\/v2\/pages"}],"about":[{"href":"https:\/\/hamburger-note.de\/index.php?rest_route=\/wp\/v2\/types\/page"}],"author":[{"embeddable":true,"href":"https:\/\/hamburger-note.de\/index.php?rest_route=\/wp\/v2\/users\/1"}],"replies":[{"embeddable":true,"href":"https:\/\/hamburger-note.de\/index.php?rest_route=%2Fwp%2Fv2%2Fcomments&post=31"}],"version-history":[{"count":1,"href":"https:\/\/hamburger-note.de\/index.php?rest_route=\/wp\/v2\/pages\/31\/revisions"}],"predecessor-version":[{"id":32,"href":"https:\/\/hamburger-note.de\/index.php?rest_route=\/wp\/v2\/pages\/31\/revisions\/32"}],"wp:attachment":[{"href":"https:\/\/hamburger-note.de\/index.php?rest_route=%2Fwp%2Fv2%2Fmedia&parent=31"}],"curies":[{"name":"wp","href":"https:\/\/api.w.org\/{rel}","templated":true}]}}